{"id":665,"date":"2022-05-16T09:07:37","date_gmt":"2022-05-16T07:07:37","guid":{"rendered":"podlove-2022-05-16t06:39:34+00:00-13307cb2e34dcd1"},"modified":"2025-10-08T19:21:31","modified_gmt":"2025-10-08T17:21:31","slug":"43_radikal-und-relevant_500-jahre-taeuferbewegung_jens-stangenberg","status":"publish","type":"podcast","link":"https:\/\/jensstangenberg.de\/podcast\/radikale-reformation\/2022\/05\/16\/43_radikal-und-relevant_500-jahre-taeuferbewegung_jens-stangenberg\/","title":{"rendered":"#43 Kirche als Rhizom: Radikal und relevant \u2013 500 Jahre T\u00e4uferbewegung | Er\u00f6ffnungsvortrag auf der Tagung \u201eDas T\u00e4ufertum und die Freikirchen\u201c"},"content":{"rendered":"\n<p>Dieser Vortrag wurde am 7.5.2022 als Er\u00f6ffnung auf der Tagung <strong>\u201eDas T\u00e4ufertum und die Freikirchen &#8211; Das t\u00e4uferische Erbe und seine Bedeutung f\u00fcr die Gegenwart\u201c<\/strong> in Elstal gehalten. <\/p>\n\n\n\n<hr class=\"wp-block-separator has-css-opacity\"\/>\n\n\n\n<p>Einleitung<br>Zeitliche Einordnung: Die fr\u00fchen T\u00e4uferbewegungen<\/p>\n\n\n\n<div class=\"wp-block-columns is-layout-flex wp-container-core-columns-is-layout-9d6595d7 wp-block-columns-is-layout-flex\">\n<div class=\"wp-block-column is-layout-flow wp-block-column-is-layout-flow\" style=\"flex-basis:100%\">\n<ol class=\"wp-block-list\">\n<li><strong>Das Andere denken lernen<\/strong>\n<ol class=\"wp-block-list\">\n<li>Sich konstruktiv verweigern<\/li>\n\n\n\n<li>F\u00fcr das Gewaltpotenzial der Ganzheit sensibilisieren<\/li>\n\n\n\n<li>Das Dialogische ein\u00fcben<br><br><\/li>\n<\/ol>\n<\/li>\n\n\n\n<li><strong>Offene Innenr\u00e4ume kultivieren<\/strong>\n<ol class=\"wp-block-list\">\n<li>Sich von innen her verbinden<\/li>\n\n\n\n<li>Schutzr\u00e4ume des Neuen initiieren<\/li>\n\n\n\n<li>Gottes Traum Gestalt werden lassen<br><br><\/li>\n<\/ol>\n<\/li>\n\n\n\n<li><strong>Rhizomatische Strukturen ausbilden<\/strong>\n<ol class=\"wp-block-list\">\n<li>Sich basisorientiert vernetzen<\/li>\n\n\n\n<li>Vertikale Ordnungen relativieren<\/li>\n\n\n\n<li>Dezentrierte Ausbreitung erm\u00f6glichen<\/li>\n<\/ol>\n<\/li>\n<\/ol>\n<\/div>\n<\/div>\n\n\n\n<p><strong>Fazit<\/strong><\/p>\n\n\n\n<p>Als zukunftsweisend empfinde ich:<\/p>\n\n\n\n<p>1. Wir brauchen mehr christliche Gemeinschaften, die sich von einer Eins-Logik verabschieden. Das beinhaltet: Sie halten das Andere aus\u00a0\u2013 auch in ihrer Mitte. Sie vertreten die Gute Nachricht nicht fundamentalistisch \u00fcbergriffig, sondern dialogisch und kontextuell. All das ist hochgradig anschlussf\u00e4hig an eine postmoderne Kultur.<\/p>\n\n\n\n<p>2. Wir brauchen mehr christliche Gemeinschaften, die sich von jeglicher Art eines machtpolitischen Kirchenmodells distanzieren. Gemeinschaften, die eine wechselseitige Unterordnung strukturell realisieren m\u00f6chten. Offene und gleichzeitig gesch\u00fctzte Innenr\u00e4ume, knollenartig und vernetzt, bestm\u00f6glich hierarchiefrei und unabh\u00e4ngig von Geb\u00e4uden.<\/p>\n\n\n\n<p>3. Wir brauchen mehr christliche Gemeinschaften, die wieder neu die Bedeutung der Wir-Gestalt des Glaubens verstehen lernen. B\u00fcndnisstrukturen, die auf freiwilligen Selbstverpflichtungen beruhen und nicht mit immer neuen Events ein konsumorientiertes Einzelchristentum heranz\u00fcchten.<\/p>\n\n\n\n<p>4. Wir brauchen mehr christliche Gemeinschaften, die erkennbar lebensf\u00f6rdernd und friedensstiftend wirksam sind. Gemeinschaften, die sich nicht nur als religi\u00f6ses Biotop verstehen, sondern als ein himmlisch-humanes Ausbildungszentrum inmitten der gro\u00dfen Shalom-Geschichte Gottes.<\/p>\n\n\n\n<p><\/p>\n\n\n\n<p><\/p>\n\n\t\t\n            <div class=\"podlove-web-player intrinsic-ignore podlove-web-player-loading\" id=\"player-69f2bc76d1304\"><root data-test=\"player--xl\" style=\"max-width:950px;min-width:260px;\">\n  <div class=\"tablet:px-6 tablet:pt-6 mobile:px-4 mobile:pt-4 flex flex-col\">\n    <div class=\"flex-col items-center mobile:flex tablet:hidden\">\n      <show-title class=\"text-sm\"><\/show-title>\n      <episode-title class=\"text-base mb-2\"><\/episode-title>\n      <subscribe-button class=\"mb-4 mobile:flex tablet:hidden\"><\/subscribe-button>\n      <poster class=\"rounded-sm w-48 shadow overflow-hidden\"><\/poster>\n      <divider class=\"w-full my-6\"><\/divider>\n    <\/div>\n\n    <div class=\"tablet:flex flex-grow\">\n      <div class=\"w-64 mobile:hidden tablet:block tablet:mr-6\">\n        <poster class=\"rounded-sm shadow overflow-hidden\"><\/poster>\n      <\/div>\n      <div class=\"w-full\">\n        <div class=\"hidden tablet:block\">\n          <show-title class=\"text-base\"><\/show-title>\n          <episode-title class=\"text-xl desktop:text-2xl\"><\/episode-title>\n          <divider class=\"w-full my-4\"><\/divider>\n        <\/div>\n        <div class=\"flex items-center justify-between\">\n          <div class=\"block\">\n            <play-state on=\"active\">\n              <speed-control class=\"flex items-center\"><\/speed-control>\n            <\/play-state>\n          <\/div>\n\n          <div class=\"flex\">\n            <play-state on=\"active\">\n              <chapter-previous class=\"mx-2 block\"><\/chapter-previous>\n            <\/play-state>\n            <play-state on=\"active\">\n              <step-backward class=\"mx-2 block\"><\/step-backward>\n            <\/play-state>\n\n            <play-button class=\"mx-2 block\" :label=\"$t('PLAYER.PLAY_EPISODE')\"><\/play-button>\n\n            <play-state on=\"active\">\n              <step-forward class=\"mx-2 block\"><\/step-forward>\n            <\/play-state>\n            <play-state on=\"active\">\n              <chapter-next class=\"mx-2 block\"><\/chapter-next>\n            <\/play-state>\n          <\/div>\n\n          <div class=\"block\">\n            <play-state on=\"active\">\n              <volume-control class=\"flex items-center\"><\/volume-control>\n            <\/play-state>\n          <\/div>\n        <\/div>\n        <div class=\"flex w-full\">\n          <progress-bar><\/progress-bar>\n        <\/div>\n        <div class=\"flex w-full -mt-2\">\n          <div class=\"w-3\/12 text-left\">\n            <timer-current class=\"text-sm\"><\/timer-current>\n          <\/div>\n          <div class=\"w-6\/12 text-center truncate\">\n            <play-state on=\"active\">\n              <current-chapter class=\"text-sm\"><\/current-chapter>\n            <\/play-state>\n          <\/div>\n          <div class=\"w-3\/12 text-right\">\n            <timer-duration class=\"text-sm\"><\/timer-duration>\n          <\/div>\n        <\/div>\n      <\/div>\n    <\/div>\n    <divider class=\"w-full mt-6 mb-3\"><\/divider>\n    <div class=\"flex justify-between\">\n      <div class=\"flex mobile:w-full tablet:w-3\/12 desktop:w-3\/12 justify-between\">\n        <tab-trigger tab=\"chapters\">\n          <icon type=\"chapter\"><\/icon>\n        <\/tab-trigger>\n        <tab-trigger tab=\"transcripts\">\n          <icon type=\"transcripts\"><\/icon>\n        <\/tab-trigger>\n        <tab-trigger tab=\"files\">\n          <icon type=\"download\"><\/icon>\n        <\/tab-trigger>\n        <tab-trigger tab=\"playlist\">\n          <icon type=\"playlist\"><\/icon>\n        <\/tab-trigger>\n        <tab-trigger tab=\"share\">\n          <icon type=\"share\"><\/icon>\n        <\/tab-trigger>\n      <\/div>\n      <subscribe-button class=\"mt-1 mobile:hidden tablet:flex\"><\/subscribe-button>\n    <\/div>\n  <\/div>\n  <div class=\"w-full relative overflow-hidden\">\n    <tab name=\"chapters\">\n      <tab-chapters><\/tab-chapters>\n    <\/tab>\n    <tab name=\"transcripts\">\n      <tab-transcripts><\/tab-transcripts>\n    <\/tab>\n    <tab name=\"files\">\n      <tab-files><\/tab-files>\n    <\/tab>\n    <tab name=\"playlist\">\n      <tab-playlist><\/tab-playlist>\n    <\/tab>\n    <tab name=\"share\">\n      <tab-share><\/tab-share>\n    <\/tab>\n    <tab-overflow><\/tab-overflow>\n  <\/div>\n  <error><\/error>\n<\/root>\n<\/div>\n            <script>\n              document.addEventListener(\"DOMContentLoaded\", function() {\n                var player = document.getElementById(\"player-69f2bc76d1304\");\n                podlovePlayerCache.add([{\"url\":\"https:\\\/\\\/jensstangenberg.de\\\/podcast\\\/radikale-reformation\\\/wp-json\\\/podlove-web-player\\\/shortcode\\\/publisher\\\/665\",\"data\":{\"version\":5,\"show\":{\"title\":\"Radikale Reformation\",\"subtitle\":\"Die Gestalt von Kirche neu durchdacht\",\"summary\":\"500 Jahre Reformation. Ein guter Anlass, um sich die Ereignisse, Themen und Personen aus der Reformationszeit in Erinnerung zu rufen. Insbesondere der sogenannte \\u201cLinke Fl\\u00fcgel der Reformation\\u201d oder die \\u201cRadikale Reformation\\u201d ist von besonderem Interesse. Schon damals wurde intensiv reflektiert, warum vorwiegend die Lehre erneuert wurde, aber diese Erkenntnisse so wenig Auswirkungen auf die soziale Gestalt von \\u201cKirche\\u201d und die Formung der Gesellschaft hatten. Ist die Reformation \\u201csteckengeblieben\\u201d? Aus dem Studium der historischen Kontroversen ergeben sich eine F\\u00fclle von Anregungen, die f\\u00fcr die heutige Gestalt von christlichen Gemeinschaften in einer s\\u00e4kular-multireligi\\u00f6sen Gesellschaft von Bedeutung sind.\",\"poster\":\"https:\\\/\\\/jensstangenberg.de\\\/podcast\\\/radikale-reformation\\\/podlove\\\/image\\\/687474703a2f2f7777772e726164696b616c652d7265666f726d6174696f6e2e64652f77702d636f6e74656e742f75706c6f6164732f323031372f30312f6c6f676f5f706f64636173745f726164696b616c652d7265666f726d6174696f6e5f6a656e732d7374616e67656e626572672e6a7067\\\/500\\\/0\\\/0\\\/radikale-reformation\",\"link\":\"https:\\\/\\\/jensstangenberg.de\\\/podcast\\\/radikale-reformation\\\/podcast\\\/\"},\"title\":\"#43 Kirche als Rhizom: Radikal und relevant \\u2013 500 Jahre T\\u00e4uferbewegung | Er\\u00f6ffnungsvortrag auf der Tagung \\u201eDas T\\u00e4ufertum und die Freikirchen\\u201c\",\"subtitle\":\"An welchen Stellen uns die fr\\u00fchen T\\u00e4uferbewegungen strukturell herausfordern und in Bezug auf die Gestalt von Kirche in die Zukunft weisen.\",\"summary\":\"Einleitung \\\/ Zeitliche Einordnung: Die fr\\u00fchen T\\u00e4uferbewegungen \\\/ 1) Das Andere denken lernen \\\/ 1.1 Sich konstruktiv verweigern \\\/ 1.2 F\\u00fcr das Gewaltpotential der Ganzheit sensibilisieren \\\/ 1.3 Das Dialogische ein\\u00fcben \\\/ 2) Offene Innenr\\u00e4ume kultivieren \\\/ 2.1. Sich von innen her verbinden \\\/ 2.2. Schutzr\\u00e4ume des Neuen initiieren \\\/ 2.3 Gottes Traum Gestalt werden lassen \\\/ 3) Rhizomatische Strukturen ausbilden \\\/ 3.1 Sich basisorientiert vernetzen \\\/ 3.2. Vertikale Ordnungen relativieren \\\/ 3.3. Dezentrierte Ausbreitung erm\\u00f6glichen \\\/ Fazit\",\"publicationDate\":\"2022-05-16T09:07:37+02:00\",\"duration\":\"00:37:57.146\",\"poster\":\"https:\\\/\\\/jensstangenberg.de\\\/podcast\\\/radikale-reformation\\\/podlove\\\/image\\\/687474703a2f2f7777772e726164696b616c652d7265666f726d6174696f6e2e64652f77702d636f6e74656e742f75706c6f6164732f323031372f30312f6c6f676f5f706f64636173745f726164696b616c652d7265666f726d6174696f6e5f6a656e732d7374616e67656e626572672e6a7067\\\/500\\\/0\\\/0\\\/radikale-reformation\",\"link\":\"https:\\\/\\\/jensstangenberg.de\\\/podcast\\\/radikale-reformation\\\/2022\\\/05\\\/16\\\/43_radikal-und-relevant_500-jahre-taeuferbewegung_jens-stangenberg\\\/\",\"chapters\":[],\"audio\":[{\"url\":\"https:\\\/\\\/jensstangenberg.de\\\/podcast\\\/radikale-reformation\\\/podlove\\\/file\\\/164\\\/s\\\/webplayer\\\/c\\\/website\\\/43_Radikal-relevant_500Jahre-Taeuferbewegung_Jens-Stangenberg.mp3\",\"size\":\"27326066\",\"title\":\"MP3 Audio (mp3)\",\"mimeType\":\"audio\\\/mpeg\"}],\"files\":[{\"url\":\"https:\\\/\\\/jensstangenberg.de\\\/podcast\\\/radikale-reformation\\\/podlove\\\/file\\\/164\\\/s\\\/webplayer\\\/43_Radikal-relevant_500Jahre-Taeuferbewegung_Jens-Stangenberg.mp3\",\"size\":\"27326066\",\"title\":\"MP3 Audio\",\"mimeType\":\"audio\\\/mpeg\"}]}}, {\"url\":\"https:\\\/\\\/jensstangenberg.de\\\/podcast\\\/radikale-reformation\\\/wp-json\\\/podlove-web-player\\\/shortcode\\\/config\\\/default\\\/theme\\\/grey\",\"data\":{\"activeTab\":\"chapters\",\"subscribe-button\":null,\"share\":{\"channels\":[\"facebook\",\"twitter\",\"whats-app\",\"linkedin\",\"pinterest\",\"xing\",\"mail\",\"link\"],\"outlet\":\"https:\\\/\\\/jensstangenberg.de\\\/podcast\\\/radikale-reformation\\\/wp-content\\\/plugins\\\/podlove-web-player\\\/web-player\\\/share.html\",\"sharePlaytime\":true},\"related-episodes\":{\"source\":\"disabled\",\"value\":null},\"version\":5,\"theme\":{\"tokens\":{\"brand\":\"#EEEEEE\",\"brandDark\":\"#717171\",\"brandDarkest\":\"#404040\",\"brandLightest\":\"#EFEFEF\",\"shadeDark\":\"#807E7C\",\"shadeBase\":\"#807E7C\",\"contrast\":\"#000\",\"alt\":\"#fff\"},\"fonts\":{\"ci\":{\"name\":\"ci\",\"family\":[\"-apple-system\",\"BlinkMacSystemFont\",\"Segoe UI\",\"Roboto\",\"Helvetica\",\"Arial\",\"sans-serif\",\"Apple Color Emoji\",\"Segoe UI Emoji\\\", \\\"Segoe UI Symbol\"],\"src\":[],\"weight\":800},\"regular\":{\"name\":\"regular\",\"family\":[\"-apple-system\",\"BlinkMacSystemFont\",\"Segoe UI\",\"Roboto\",\"Helvetica\",\"Arial\",\"sans-serif\",\"Apple Color Emoji\",\"Segoe UI Emoji\\\", \\\"Segoe UI Symbol\"],\"src\":[],\"weight\":300},\"bold\":{\"name\":\"bold\",\"family\":[\"-apple-system\",\"BlinkMacSystemFont\",\"Segoe UI\",\"Roboto\",\"Helvetica\",\"Arial\",\"sans-serif\",\"Apple Color Emoji\",\"Segoe UI Emoji\\\", \\\"Segoe UI Symbol\"],\"src\":[],\"weight\":700}}},\"base\":\"https:\\\/\\\/jensstangenberg.de\\\/podcast\\\/radikale-reformation\\\/wp-content\\\/plugins\\\/podlove-web-player\\\/web-player\\\/\"}}]);\n                podlovePlayer(player, \"https:\/\/jensstangenberg.de\/podcast\/radikale-reformation\/wp-json\/podlove-web-player\/shortcode\/publisher\/665\", \"https:\/\/jensstangenberg.de\/podcast\/radikale-reformation\/wp-json\/podlove-web-player\/shortcode\/config\/default\/theme\/grey\").then(function() {\n                  player && player.classList.remove(\"podlove-web-player-loading\");\n                });\n              });\n            <\/script>\n            <style>\n              .podlove-web-player.podlove-web-player-loading {\n                opacity: 0;\n              }\n            <\/style>\n        \n\t\n\t\t<form action=\"#\"><div class=\"episode_downloads\"><input type=\"hidden\" name=\"ptm_source\" value=\"download\" \/><input type=\"hidden\" name=\"ptm_context\" value=\"select-button\" \/><select name=\"download_media_file\"><option value=\"164\" data-raw-url=\"https:\/\/jensstangenberg.de\/podcast\/radikale-reformation\/podlove\/file\/164\/s\/download\/c\/select-show\/43_Radikal-relevant_500Jahre-Taeuferbewegung_Jens-Stangenberg.mp3\">MP3 Audio [26 MB]<\/option><\/select><button class=\"podlove-download-primary\">Download<\/button><button class=\"podlove-download-secondary\">Show URL<\/button><\/div><\/form><script>\nfunction podlove_document_ready(fn) {\n  if (document.readyState != 'loading'){\n    fn();\n  } else {\n    document.addEventListener('DOMContentLoaded', fn);\n  }\n}\n\npodlove_document_ready(function() {\n\tdocument.querySelectorAll(\".episode_downloads\").forEach(function(item) {\n        var selectEl = item.querySelector(\"select\");\n\n        item.querySelector(\"button.podlove-download-secondary\").addEventListener(\"click\", function(e) {\n\t\t\te.preventDefault();\n            var optionEl = selectEl.querySelector(\"option[value='\"+ selectEl.value +\"']\")\n            let url = optionEl.dataset.rawUrl;\n\t\t\tprompt(\"Feel free to copy and paste this URL\", url);\n\t\t\treturn false;\n\t\t})\n\t});\n});\n<\/script>\n\t\t\n","protected":false},"author":12,"featured_media":0,"comment_status":"open","ping_status":"open","template":"","meta":{"footnotes":""},"tags":[],"class_list":["post-665","podcast","type-podcast","status-publish","hentry","post"],"_links":{"self":[{"href":"https:\/\/jensstangenberg.de\/podcast\/radikale-reformation\/wp-json\/wp\/v2\/episodes\/665","targetHints":{"allow":["GET"]}}],"collection":[{"href":"https:\/\/jensstangenberg.de\/podcast\/radikale-reformation\/wp-json\/wp\/v2\/episodes"}],"about":[{"href":"https:\/\/jensstangenberg.de\/podcast\/radikale-reformation\/wp-json\/wp\/v2\/types\/podcast"}],"author":[{"embeddable":true,"href":"https:\/\/jensstangenberg.de\/podcast\/radikale-reformation\/wp-json\/wp\/v2\/users\/12"}],"replies":[{"embeddable":true,"href":"https:\/\/jensstangenberg.de\/podcast\/radikale-reformation\/wp-json\/wp\/v2\/comments?post=665"}],"version-history":[{"count":4,"href":"https:\/\/jensstangenberg.de\/podcast\/radikale-reformation\/wp-json\/wp\/v2\/episodes\/665\/revisions"}],"predecessor-version":[{"id":710,"href":"https:\/\/jensstangenberg.de\/podcast\/radikale-reformation\/wp-json\/wp\/v2\/episodes\/665\/revisions\/710"}],"wp:attachment":[{"href":"https:\/\/jensstangenberg.de\/podcast\/radikale-reformation\/wp-json\/wp\/v2\/media?parent=665"}],"wp:term":[{"taxonomy":"post_tag","embeddable":true,"href":"https:\/\/jensstangenberg.de\/podcast\/radikale-reformation\/wp-json\/wp\/v2\/tags?post=665"}],"curies":[{"name":"wp","href":"https:\/\/api.w.org\/{rel}","templated":true}]}}